{"id":170,"date":"2023-11-21T18:05:08","date_gmt":"2023-11-21T17:05:08","guid":{"rendered":"https:\/\/conectadas.eu\/privacitat\/"},"modified":"2023-11-27T13:36:42","modified_gmt":"2023-11-27T12:36:42","slug":"politica-de-privadesa","status":"publish","type":"page","link":"https:\/\/conectadas.eu\/ca\/politica-de-privadesa\/","title":{"rendered":"Pol\u00edtica de privadesa"},"content":{"rendered":"<p>Aquesta Pol\u00edtica de Privacitat \u00e9s part integrant de les condicions generals. L&#8217;acc\u00e9s a i la navegaci\u00f3 pel lloc, o l&#8217;\u00fas dels seus serveis, impliquen l&#8217;acceptaci\u00f3 de les condicions generals (i, per tant, de la pol\u00edtica de Privacitat i de la pol\u00edtica de Cookies). Li preguem que les llegeixi atentament.<\/p>\n<p>El lloc web Conectadas.eu \u00e9s el portal de la campanya \u00abConectadas\u00bb. Amb aquesta campanya, pretenem fer con\u00e8ixer els \u00e8xits del projecte \u00abInclusi\u00f3 digital i de qualitat: reduint la bretxa digital per a un m\u00f3n m\u00e9s just i sostenible\u00bb que han portat a terme diverses organitzacions i xarxes del sector social de la Companyia de Jes\u00fas a Espanya.<\/p>\n<p>En aquesta Pol\u00edtica de Privacitat li informem sobre:<\/p>\n<ul>\n<li>Qui \u00e9s el responsable del tractament de les seves dades?<\/li>\n<li>Quina \u00e9s la legitimaci\u00f3 per al tractament de les seves dades?<\/li>\n<li>Qui pot facilitar-nos dades?<\/li>\n<li>Quines dades recopilem?<\/li>\n<li>Com s&#8217;usa la informaci\u00f3?<\/li>\n<li>Comunicacions a trav\u00e9s de correu electr\u00f2nic<\/li>\n<li>Com i on es comparteix la informaci\u00f3?<\/li>\n<li>Durant quan de temps mantindrem les dades personals?<\/li>\n<li>Seguretat de les seves dades<\/li>\n<li>Quins Drets t\u00e9?<\/li>\n<li>Responsable de Privacitat<\/li>\n<li>Canvis en la Pol\u00edtica de Privacitat<\/li>\n<\/ul>\n<p><strong>Qui \u00e9s el responsable del tractament de les seves dades?<\/strong><\/p>\n<p>FUNDACI\u00d3N ENTRECULTURAS FE Y ALEGR\u00cdA<br \/>\nCalle Maldonado, 1, A, planta 3<br \/>\n28006 Madrid (Espanya)<br \/>\nCIF. G-82409020<br \/>\nContacte per a la modificaci\u00f3 de dades: datos@entreculturas.org<br \/>\nContacte DPD: rgpd@entreculturas.org<\/p>\n<p>FUNDACI\u00d3N ALBOAN<br \/>\nCalle Padre Lojendio, 2. 2\u00aa<br \/>\n48008 \u2013 Bilbao (Espanya)<br \/>\nCIF. G-48811376<br \/>\nContacte per a la modificaci\u00f3 de dades: info@alboan.org<\/p>\n<p>FUNDACI\u00d3N RADIO ECCA<br \/>\nAvd. Escaleritas, N\u00ba64-1, C.P. 35011, Las Palmas de Gran Canaria (Las Palmas)<br \/>\nTel: 928 289 168<br \/>\nCorreo electr\u00f3nico: direccion@radioecca.org<\/p>\n<p>SERVICIO JESUITA A MIGRANTES &#8211; SJM ESPA\u00d1A<br \/>\nAvd. Moncloa, 6, 28003, Madrid<br \/>\nCIF G-85662849<br \/>\nCorreo electr\u00f3nico:\u00a0 info@sjme.org<\/p>\n<p><strong>Quina \u00e9s la legitimaci\u00f3 per al tractament de les seves dades?<\/strong><\/p>\n<p>La base jur\u00eddica que legitima el tractament de les seves dades varia en funci\u00f3 de la finalitat i la forma d&#8217;obtenci\u00f3 de les seves dades: en alguns casos, ser\u00e0 fruit de l&#8217;execuci\u00f3 d&#8217;un acord, mentre que en altres l&#8217;obtenci\u00f3 del seu consentiment ser\u00e0 mitjan\u00e7ant la marcaci\u00f3 d&#8217;una casella habilitada a aquest efecte, o a trav\u00e9s d&#8217;algun altre mecanisme disposat que constitueixi en tot cas una acci\u00f3 afirmativa, l&#8217;inter\u00e8s leg\u00edtim d&#8217; Fundaci\u00f3n Entreculturas, Fundaci\u00f3n Alboan, Fundaci\u00f3n Radio ECCA, Servicio Jesuita a Migrantes (SJM) com a Responsables del tractament, o una obligaci\u00f3 legal.<\/p>\n<p><strong>Qui pot facilitar-nos dades?<\/strong><\/p>\n<p>En accedir a la nostra p\u00e0gina, manifesta que totes les dades que ens faciliti, b\u00e9 siguin obligat\u00f2ries per a prestar el servei o la informaci\u00f3, o b\u00e9 siguin dades volunt\u00e0ries quan es desitja col\u00b7laborar amb nosaltres, realitzar algun comentari en els nostres blogs o participar en les nostres peticions, s\u00f3n veraces i correctes; \u00e9s a dir, responen a la seva situaci\u00f3 real.<\/p>\n<p>Les dades han de ser facilitades pel propi interessat, no obstant aix\u00f2, en determinats casos podran facilitar-se dades de tercers, sempre que es garanteixi haver informat l&#8217;interessat i obtingut el seu consentiment, no responsabilitzant-se per aquest fet Fundaci\u00f3n Entreculturas, Fundaci\u00f3n Alboan, Fundaci\u00f3n Radio ECCA, Servicio Jesuita a Migrantes (SJM) en qualsevol cas.<\/p>\n<p>Proporcionar aquestes dades suposa que han estat subministrades volunt\u00e0riament i amb consentiment perqu\u00e8 puguin ser tractades tant inform\u00e0ticament com de manera no automatitzada i per a fins determinats i leg\u00edtims que la Fundaci\u00f3n Entreculturas, Fundaci\u00f3n Alboan, Fundaci\u00f3n Radio ECCA, Servicio Jesuita a Migrantes (SJM) descriu a continuaci\u00f3, no sent utilitzades per a fins incompatibles, ni cedits a tercers sense el seu consentiment.<\/p>\n<p><strong>Quines dades recopilem?<\/strong><\/p>\n<p>A l&#8217;enviar una consulta d&#8217;informaci\u00f3, apuntar-se als nostres butlletins, participar en les nostres accions, proporcionar el seu suport a les nostres campanyes, posar-se en contacte amb nosaltres a trav\u00e9s de correu electr\u00f2nic, realitzar comentaris en els nostres blogs o b\u00e9 col\u00b7laborar amb nosaltres (com a soci i\/o com a donant), podem sol\u00b7licitar-li que ens faciliti una s\u00e8rie de dades i informacions personals com ara el seu nom, cognoms, adre\u00e7a, correu electr\u00f2nic, tel\u00e8fon de contacte, etc. Per a ser soci o donant de la Fundaci\u00f3n Entreculturas, Fundaci\u00f3n Alboan, Fundaci\u00f3n Radio ECCA, Servicio Jesuita a Migrantes (SJM), sol\u00b7licitarem altres categories de dades necess\u00e0ries per establir tal vincle, com per exemple, dades econ\u00f2miques.<\/p>\n<p>Les dades que sol\u00b7licitem, i que s\u00f3n objecte de tractament seran sempre adequades, pertinents i no excessives a la seva sol\u00b7licitud d&#8217;informaci\u00f3, col\u00b7laboraci\u00f3 i\/o participaci\u00f3 dins la Fundaci\u00f3n Entreculturas, Fundaci\u00f3n Alboan, Fundaci\u00f3n Radio ECCA, Servicio Jesuita a Migrantes (SJM)<\/p>\n<p><strong>Com s&#8217;usa la informaci\u00f3?<\/strong><\/p>\n<p>La Fundaci\u00f3n Entreculturas, Fundaci\u00f3n Alboan, Fundaci\u00f3n Radio ECCA, Servicio Jesuita a Migrantes (SJM) utilitzaran la informaci\u00f3 que ens proporcioni per a les finalitats requerides en cadascun dels formularis de recollida de dades:<\/p>\n<p>a) Resposta a sol\u00b7licituds d&#8217;Informaci\u00f3 de l&#8217;usuari. En el cas que ens remeti una sol\u00b7licitud d&#8217;informaci\u00f3, tractarem les seves dades amb la finalitat de rebre, gestionar, tramitar i donar resposta a les consultes i sol\u00b7licituds d&#8217;informaci\u00f3 que ens envi\u00ef a trav\u00e9s de les diverses formes de contacte, web o remeses a les nostres seus i delegacions.<\/p>\n<p>b) Subscripci\u00f3 a Butllet\u00ed de not\u00edcies o Newsletters. Tractarem les seves dades d&#8217;identificaci\u00f3 i correu electr\u00f2nic per a enviar-li les nostres not\u00edcies i newsletters. Podr\u00e0 donar-se de baixa en qualsevol moment.<\/p>\n<p>c) Col\u00b7laborar o participar en les accions de petici\u00f3 organitzades per la Fundaci\u00f3n Entreculturas, Fundaci\u00f3n Alboan, Fundaci\u00f3n Radio ECCA, Servicio Jesuita a Migrantes (SJM). Les dades facilitades es tractaran per a remetre-li informaci\u00f3 a trav\u00e9s de correu electr\u00f2nic i\/o postal de les nostres accions o d&#8217;accions organitzades conjuntament amb tercers per part de la Fundaci\u00f3. Si les peticions es presenten davant d&#8217;un Organisme nacional o supranacional, podran cedir-se les dades facilitades a la mateixa per a la comprovaci\u00f3 i verificaci\u00f3 de les peticions presentades.<\/p>\n<p>d) Participar i incorporar comentaris en els nostres blogs. Per a participar en els nostres blogs i que el seu comentari pugui publicar-se, tractarem les dades d&#8217;usuari i correu electr\u00f2nic amb la finalitat d&#8217;identificar i gestionar la seva publicaci\u00f3 a la nostra web.<\/p>\n<p>e) Col\u00b7laborar activament mitjan\u00e7ant una donaci\u00f3 o fer-se soci de la Fundaci\u00f3n Entreculturas, Fundaci\u00f3n Alboan, Fundaci\u00f3n Radio ECCA, Servicio Jesuita a Migrantes (SJM). En el cas que accedeixi al nostre formulari en la secci\u00f3 \u201ccol\u00b7labora\u201d i empleni les seves dades, la informaci\u00f3 facilitada es tractar\u00e0 amb la finalitat de la gesti\u00f3 econ\u00f2mica, comptable, fiscal i administrativa d&#8217;associats i donants de la Fundaci\u00f3n Entreculturas, Fundaci\u00f3n Alboan, Fundaci\u00f3n Radio ECCA, Servicio Jesuita a Migrantes (SJM).<\/p>\n<p>f) Altres activitats organitzades per la Fundaci\u00f3n Entreculturas, Fundaci\u00f3n Alboan, Fundaci\u00f3n Radio ECCA, Servicio Jesuita a Migrantes (SJM).\u00a0 Es podr\u00e0 col\u00b7laborar i participar en accions organitzades i\/o promogudes per la Fundaci\u00f3, facilitant les dades que siguin sol\u00b7licitades en els formularis corresponents i per a les finalitats expressament indicades en aquests.<\/p>\n<p><strong>Comunicacions a trav\u00e9s de correu electr\u00f2nic<\/strong><\/p>\n<p>A l&#8217;enviar-nos una consulta o sol\u00b7licitud d&#8217;informaci\u00f3 a trav\u00e9s del correu electr\u00f2nic de contacte, ens est\u00e0 proporcionant el consentiment, conscient i expr\u00e9s, per al tractament de les dades facilitades a la Fundaci\u00f3n Entreculturas, Fundaci\u00f3n Alboan, Fundaci\u00f3n Radio ECCA, Servicio Jesuita a Migrantes (SJM) amb la finalitat de donar resposta a la consulta o sol\u00b7licitud plantejada; no obstant aix\u00f2, no enviarem comunicacions comercials tret que ens hagi proporcionat el consentiment expr\u00e9s per a aquest fi.<\/p>\n<p>En els nostres correus electr\u00f2nics trobar\u00e0 informaci\u00f3 per a revocar el consentiment o donar-se de baixa de qualsevol comunicaci\u00f3 de la Fundaci\u00f3n Entreculturas, Fundaci\u00f3n Alboan, Fundaci\u00f3n Radio ECCA, Servicio Jesuita a Migrantes (SJM).<\/p>\n<p><strong>Com i on es comparteix la informaci\u00f3?<\/strong><\/p>\n<p>La Fundaci\u00f3n Entreculturas, Fundaci\u00f3n Alboan, Fundaci\u00f3n Radio ECCA, Servicio Jesuita a Migrantes (SJM)\u00a0 informen, de manera expressa, que quan es col\u00b7labora o participa en determinades accions (Cursa solid\u00e0ria, Concert solidari, Peticions a Nacions Unides, Socis i Donacions, etc.), procedirem a cedir les seves dades als organismes i les administracions, bancs i altres entitats col\u00b7laboradores d&#8217;acord amb la normativa legal vigent i per a la gesti\u00f3 corporativa de la informaci\u00f3.<\/p>\n<p><strong>Durant quant de temps mantindrem les dades personals?<\/strong><\/p>\n<ul>\n<li>Les dades personals seran mantingudes mentre segueixi vinculat amb nosaltres.<\/li>\n<li>Un cop es desvinculi, les dades personals tractades en cada finalitat es mantindran durant els terminis legalment previstos, incl\u00f2s el termini en qu\u00e8 un jutge o tribunal els pugui requerir at\u00e8s el termini de prescripci\u00f3 d&#8217;accions judicials.<\/li>\n<\/ul>\n<p><strong>Seguretat de les dades proporcionades<\/strong><\/p>\n<p>La Fundaci\u00f3n Entreculturas, Fundaci\u00f3n Alboan, Fundaci\u00f3n Radio ECCA, Servicio Jesuita a Migrantes (SJM) donen gran import\u00e0ncia a la seguretat de tota la informaci\u00f3 i de les dades de car\u00e0cter personal que tractem. Desafortunadament, la transmissi\u00f3 d&#8217;informaci\u00f3 a trav\u00e9s d&#8217;Internet no \u00e9s completament segura; per aix\u00f2, fem esfor\u00e7os i destinem recursos a millorar cada dia la nostra p\u00e0gina i que les funcionalitats que es posen a la seva disposici\u00f3 siguin m\u00e9s segures (La funcionalitat https s&#8217;ha implementat en els formularis de socis i donacions, amb la finalitat de protegir les dades economicofinanceres amb eines de xifratge SSL).<\/p>\n<p>Una vegada rebem la seva informaci\u00f3, s&#8217;implementen mesures de seguretat per a garantir la confidencialitat, integritat i evitar qualsevol p\u00e8rdua, mal \u00fas i\/o alteraci\u00f3 de les dades que es troben sota el nostre control. Les nostres pol\u00edtiques de seguretat i privacitat s\u00f3n revisades peri\u00f2dicament i millorades segons sigui necessari i nom\u00e9s el personal autoritzat t\u00e9 acc\u00e9s a la informaci\u00f3 de l&#8217;usuari.<\/p>\n<p><strong>Quins Drets t\u00e9?<\/strong><\/p>\n<ul>\n<li>Dret a saber si estem tractant les seves dades o no.<\/li>\n<li>Dret a accedir a les seves dades personals.<\/li>\n<li>A sol\u00b7licitar la rectificaci\u00f3 de les seves dades si s\u00f3n inexactes.<\/li>\n<li>A sol\u00b7licitar la supressi\u00f3 de les seves dades si ja no s\u00f3n necess\u00e0ries per als fins per als quals van ser recollits o si ens retira el consentiment atorgat.<\/li>\n<li>A sol\u00b7licitar la limitaci\u00f3 del tractament de les seves dades, en alguns casos i, en aquest cas nom\u00e9s els conservarem de conformitat amb la normativa vigent.<\/li>\n<li>A remetre-li les dades que sobre vost\u00e8 es guarden a Fundaci\u00f3n Entreculturas, Fundaci\u00f3n Alboan, Fundaci\u00f3n Radio ECCA, Servicio Jesuita a Migrantes (SJM) i que li seran facilitades en un format estructurat, d&#8217;\u00fas com\u00fa o de lectura mec\u00e0nica. Si ho prefereix, les podem enviar al nou responsable que ens designi. (Nom\u00e9s \u00e9s v\u00e0lid en determinats casos).<\/li>\n<li>A presentar una reclamaci\u00f3 davant l&#8217;Ag\u00e8ncia Espanyola de Protecci\u00f3 de Dades o autoritat de control competent, si creu que no li hem at\u00e8s correctament.<\/li>\n<li>A revocar el consentiment per a qualsevol tractament per al qual hagi consentit en qualsevol moment.<\/li>\n<\/ul>\n<p>Si modifica alguna dada, li agra\u00efm que ens ho comuniqui per a mantenir-ho actualitzat.<\/p>\n<p>Aquesta web pot contenir enlla\u00e7os cap a i des d&#8217;altres p\u00e0gines web, b\u00e9 dels nostres patrocinadors, socis, empreses associades o empreses col\u00b7laboradores, entre altres. Si accedeix a aquestes p\u00e0gines, ha de tenir en compte que en elles es poden tornar a sol\u00b7licitar dades o informacions personals. Per aix\u00f2, preguem que quan es visitin aquestes p\u00e0gines, es revisi tamb\u00e9 la seva pol\u00edtica de privacitat.<\/p>\n<p><strong>Responsable de Privacitat<\/strong><\/p>\n<p>En qualsevol moment es poden sol\u00b7licitar, de manera totalment gratu\u00efta, b\u00e9 per carta o a trav\u00e9s de correu electr\u00f2nic, l&#8217;exercici dels seus drets, havent d&#8217;incorporar a la seva sol\u00b7licitud fotoc\u00f2pia del seu DNI\/NIE\/Passaport, ja que es tracta d&#8217;un dret personal\u00edssim.<\/p>\n<p>Les sol\u00b7licituds hauran de remetre&#8217;s al responsable de privacitat en la seg\u00fcent adre\u00e7a:<\/p>\n<p>FUNDACI\u00d3N ENTRECULTURAS FE Y ALEGR\u00cdA<\/p>\n<p>Att. Responsable Privacitat<\/p>\n<p>Calle Maldonado, 1, A, planta 3<\/p>\n<p>28006 Madrid (Espanya)<\/p>\n<p>Correu electr\u00f2nic: datos@entreculturas.org<\/p>\n<p>A m\u00e9s a m\u00e9s, si t\u00e9 alguna q\u00fcesti\u00f3 addicional relacionada amb la Protecci\u00f3 de dades, pot dirigir-se al nostre Delegat de Protecci\u00f3 de dades en rgpd@entreculturas.org.<\/p>\n<p>FUNDACI\u00d3N ALBOAN<\/p>\n<p>Calle Padre Lojendio, 2. 2\u00aa.<\/p>\n<p>48008 \u2013 Bilbao (Espanya)<\/p>\n<p>CIF. G-48811376<\/p>\n<p>Contacte per a la modificaci\u00f3 de dades: info@alboan.org<\/p>\n<p>FUNDACI\u00d3N RADIO ECCA<\/p>\n<p>Avd. Escaleritas, N\u00ba64-1, C.P. 35011, Las Palmas de Gran Canaria (Las Palmas)<\/p>\n<p>Tel: 928 289 168<\/p>\n<p>Correu electr\u00f2nic: direccion@radioecca.org<\/p>\n<p>SERVICIO JESUITA A MIGRANTES &#8211; SJM ESPA\u00d1A<\/p>\n<p>Avenida Moncloa, 6, 28003, Madrid y CIF G-85662849<br \/>\nCorreu electr\u00f2nic: info@sjme.org<\/p>\n<p><strong>Canvis en la Pol\u00edtica de Privacitat<\/strong><\/p>\n<p>La Fundaci\u00f3n Entreculturas, Fundaci\u00f3n Alboan, Fundaci\u00f3n Radio ECCA, Servicio Jesuita a Migrantes (SJM)\u00a0 poden modificar o adaptar la seva Pol\u00edtica de Privacitat i Tractament de dades de Car\u00e0cter Personal. Recomanem que es visiti cada vegada que navegui pel lloc web amb la finalitat d&#8217;estar sempre informat amb car\u00e0cter previ a qualsevol dada que ens pugui facilitar.<\/p>\n","protected":false},"excerpt":{"rendered":"<p>Aquesta Pol\u00edtica de Privacitat \u00e9s part integrant de les condicions generals. L&#8217;acc\u00e9s a i la navegaci\u00f3 pel lloc, o l&#8217;\u00fas dels seus serveis, impliquen l&#8217;acceptaci\u00f3 de les condicions generals (i, per tant, de la pol\u00edtica de Privacitat i de la pol\u00edtica de Cookies). Li preguem que les llegeixi atentament. El lloc web Conectadas.eu \u00e9s el [&hellip;]<\/p>\n","protected":false},"author":1,"featured_media":0,"parent":0,"menu_order":0,"comment_status":"closed","ping_status":"closed","template":"","meta":{"_acf_changed":false,"inline_featured_image":false,"_themeisle_gutenberg_block_has_review":false,"footnotes":""},"class_list":["post-170","page","type-page","status-publish","hentry"],"acf":[],"_links":{"self":[{"href":"https:\/\/conectadas.eu\/ca\/wp-json\/wp\/v2\/pages\/170","targetHints":{"allow":["GET"]}}],"collection":[{"href":"https:\/\/conectadas.eu\/ca\/wp-json\/wp\/v2\/pages"}],"about":[{"href":"https:\/\/conectadas.eu\/ca\/wp-json\/wp\/v2\/types\/page"}],"author":[{"embeddable":true,"href":"https:\/\/conectadas.eu\/ca\/wp-json\/wp\/v2\/users\/1"}],"replies":[{"embeddable":true,"href":"https:\/\/conectadas.eu\/ca\/wp-json\/wp\/v2\/comments?post=170"}],"version-history":[{"count":2,"href":"https:\/\/conectadas.eu\/ca\/wp-json\/wp\/v2\/pages\/170\/revisions"}],"predecessor-version":[{"id":180,"href":"https:\/\/conectadas.eu\/ca\/wp-json\/wp\/v2\/pages\/170\/revisions\/180"}],"wp:attachment":[{"href":"https:\/\/conectadas.eu\/ca\/wp-json\/wp\/v2\/media?parent=170"}],"curies":[{"name":"wp","href":"https:\/\/api.w.org\/{rel}","templated":true}]}}