{"id":204,"date":"2023-11-21T18:04:33","date_gmt":"2023-11-21T17:04:33","guid":{"rendered":"https:\/\/conectadas.eu\/avis-legal\/"},"modified":"2023-11-27T16:04:46","modified_gmt":"2023-11-27T15:04:46","slug":"avis-legal","status":"publish","type":"page","link":"https:\/\/conectadas.eu\/ca\/avis-legal\/","title":{"rendered":"Av\u00eds legal"},"content":{"rendered":"<p>L&#8217;acc\u00e9s a i la navegaci\u00f3 per aquest lloc web impliquen l&#8217;acceptaci\u00f3 expressa i \u00edntegra de totes i cadascuna de les presents condicions generals, incloses la Pol\u00edtica de privacitat i de Cookies, relatives a les finalitats dels tractaments de les dades que se&#8217;ns facilitin. Li recomanem que les llegeixi atentament. Excepte indicaci\u00f3 expressa en contra, l&#8217;acc\u00e9s a la informaci\u00f3 mostrada en les p\u00e0gines del portal, \u00e9s totalment gratu\u00efta.<\/p>\n<p>En aquest document Termes i Condicions trobar\u00e0 informaci\u00f3 sobre:<\/p>\n<ul>\n<li>Identificaci\u00f3 Legal.<\/li>\n<li>Condicions Generals d&#8217;\u00das.<\/li>\n<li>Obligacions Generals de l&#8217;Usuari.<\/li>\n<li>Pol\u00edtica de Retorn, Devoluci\u00f3, Cancel\u00b7laci\u00f3, Edat m\u00ednima i Per\u00edode de Lliurament.<\/li>\n<li>Declaraci\u00f3 de Privacitat que cobreix l&#8217;\u00fas de dades dels clients.<\/li>\n<li>El seu consentiment a aquesta Pol\u00edtica de Privacitat.<\/li>\n<li>Pagament a trav\u00e9s de Targetes de Cr\u00e8dit.<\/li>\n<li>Condicions de participaci\u00f3 de l&#8217;usuari en diferents seccions i eines: Blogs i Comentaris.<\/li>\n<li>Propietat Intel\u00b7lectual i industrial.<\/li>\n<li>Enlla\u00e7os.<\/li>\n<li>Responsabilitat.<\/li>\n<li>Jurisdicci\u00f3.<\/li>\n<\/ul>\n<p><strong>1.- IDENTIFICACI\u00d3 LEGAL<\/strong><\/p>\n<p>En compliment de la Llei 34\/2002, d&#8217;11 de juliol, de Serveis de la Societat de la Informaci\u00f3 i del Comer\u00e7 Electr\u00f2nic, les dades identificatives del titular de conectadas.eu, s\u00f3n:<\/p>\n<p>FUNDACI\u00d3N ENTRECULTURAS FE Y ALEGR\u00cdA<\/p>\n<p>Calle Maldonado, 1, A, planta 3<br \/>\n28006 Madrid (Espanya)<br \/>\nCIF. G-82409020<br \/>\nContacte per a la modificaci\u00f3 de dades: datos@entreculturas.org<br \/>\nContacte DPD: rgpd@entreculturas.org<\/p>\n<p>FUNDACI\u00d3N ALBOAN<\/p>\n<p>Calle Padre Lojendio, 2. 2\u00aa<br \/>\n48008 \u2013 Bilbao (Espanya)<br \/>\nCIF. G-48811376<br \/>\nContacte per a la modificaci\u00f3 de dades: info@alboan.org<\/p>\n<p>FUNDACI\u00d3N RADIO ECCA<\/p>\n<p>Avd. Escaleritas, N\u00ba64-1, C.P. 35011, Las Palmas de Gran Canaria (Las Palmas)<br \/>\nTel: 928 289 168<br \/>\nCorreo electr\u00f3nico: direccion@radioecca.org<\/p>\n<p>SERVICIO JESUITA A MIGRANTES &#8211; SJM ESPA\u00d1A<\/p>\n<p>Avd. Moncloa, 6, 28003, Madrid<br \/>\nCIF G-85662849<br \/>\nCorreo electr\u00f3nico:\u00a0 info@sjme.org<\/p>\n<p>Per a qualsevol dubte o consulta, pot posar-se en contacte amb nosaltres a trav\u00e9s del Tel.: 91.5902672, o per correu electr\u00f2nic: rgpd@entreculturas.org.<\/p>\n<p>L&#8217;acc\u00e9s a Conectadas.eu suposa l&#8217;acceptaci\u00f3 expressa de l&#8217;Usuari de les presents condicions, que podran ser modificades o substitu\u00efdes per la\u00a0 Fundaci\u00f3n Entreculturas, Fundaci\u00f3n Alboan, Fundaci\u00f3n Radio ECCA, Servicio Jesuita a Migrantes (SJM) en qualsevol moment i sense av\u00eds previ.<\/p>\n<p><strong>2.- CONDICIONS GENERALS D&#8217;\u00daS<\/strong><\/p>\n<p>Els seg\u00fcents Termes i Condicions generals regulen l&#8217;\u00fas de i l&#8217;acc\u00e9s al portal Web Conectadas.eu, la finalitat de les quals \u00e9s ser una porta d&#8217;entrada que ofereixi als usuaris informaci\u00f3, serveis i continguts via Web.<\/p>\n<p>Tot usuari amb acc\u00e9s a aquesta web, haur\u00e0 d&#8217;acceptar les presents Condicions Generals, entenent-se la utilitzaci\u00f3 de la web com una acceptaci\u00f3 d&#8217;aquestes.<\/p>\n<p>Igualment, aquelles p\u00e0gines titularitat de tercers a les quals es pot accedir a trav\u00e9s d&#8217;enlla\u00e7os i que presenten altres condicions generals, hauran de ser igualment acceptades.<\/p>\n<p>L&#8217;usuari es compromet a fer un \u00fas adequat dels continguts, serveis, not\u00edcies, blogs, que estan accessibles en Conectadas.eu, amb subjecci\u00f3 a la Llei i a les presents Condicions generals d&#8217;\u00fas, respectant en tot moment als altres usuaris d&#8217;aquesta.<\/p>\n<p>En cas d&#8217;incompliment total o parcial de les presents condicions, la Fundaci\u00f3n Entreculturas, Fundaci\u00f3n Alboan, Fundaci\u00f3n Radio ECCA, Servicio Jesuita a Migrantes (SJM) es reserven el dret a denegar l&#8217;acc\u00e9s a Conectadas.eu sense necessitat de previ av\u00eds a l&#8217;usuari.<\/p>\n<p>La Fundaci\u00f3n Entreculturas, Fundaci\u00f3n Alboan, Fundaci\u00f3n Radio ECCA, Servicio Jesuita a Migrantes (SJM) adoptaran totes les mesures al seu abast per impedir qualsevol tipus de conducta contr\u00e0ria a les Lleis espanyoles i cooperar\u00e0 amb les autoritats competents en la identificaci\u00f3 dels subjectes responsables de les accions que puguin suposar violaci\u00f3 de les lleis aplicables al present lloc Web.<\/p>\n<p><strong>3.- OBLIGACIONS GENERALS DE L&#8217;USUARI<\/strong><\/p>\n<p>L&#8217;usuari, en acceptar les presents Condicions generals d&#8217;\u00fas, s&#8217;obliga expressament a:<\/p>\n<p>No realitzar cap acci\u00f3 destinada a perjudicar, bloquejar, danyar, inutilitzar, sobrecarregar, de manera temporal o definitiva, les funcionalitats, eines, continguts i\/o la infraestructura de la p\u00e0gina web, de manera que impedeixi la seva normal utilitzaci\u00f3.<\/p>\n<p>No introduir ni realitzar continguts injuriosos o calumniosos, tant d&#8217;altres usuaris com de tercers aliens a la Fundaci\u00f3n Entreculturas Fe y Alegr\u00eda i Fundaci\u00f3n Alboan.<\/p>\n<p>No utilitzar qualsevol dels materials i informacions continguts en aquest lloc Web amb fins il\u00b7l\u00edcits i expressament prohibits en les presents Condicions generals d&#8217;\u00fas, i que resultin contraris als drets i interessos de la Fundaci\u00f3n Entreculturas, Fundaci\u00f3n Alboan, Fundaci\u00f3n Radio ECCA, Servicio Jesuita a Migrantes (SJM), dels seus usuaris i\/o de tercers.<\/p>\n<p>L&#8217;usuari respondr\u00e0 de tots els danys i perjudicis de qualsevol naturalesa que la Fundaci\u00f3n Entreculturas, Fundaci\u00f3n Alboan, Fundaci\u00f3n Radio ECCA, Servicio Jesuita a Migrantes (SJM) o qualsevol tercer pugui sofrir a conseq\u00fc\u00e8ncia de l&#8217;incompliment de qualsevol de les obligacions a les quals queda sotm\u00e8s en virtut d&#8217;aquest \u201cAv\u00eds legal\u201d o de la llei en relaci\u00f3 amb l&#8217;acc\u00e9s i\/o utilitzaci\u00f3 de la p\u00e0gina Conectadas.eu<\/p>\n<p><strong>8.- CONDICIONS DE PARTICIPACI\u00d3 DE L&#8217;USUARI EN DIFERENTS SECCIONS I EINES D&#8217; CONECTADAS.EU (BLOGS I COMENTARIS)<\/strong><\/p>\n<p>L&#8217;usuari pot participar activament en determinades seccions i eines posades a la seva disposici\u00f3 per part de la Fundaci\u00f3n Entreculturas, Fundaci\u00f3n Alboan, Fundaci\u00f3n Radio ECCA, Servicio Jesuita a Migrantes (SJM) en Conectadas.eu , com ara la inserci\u00f3 de comentaris en blogs i not\u00edcies.<\/p>\n<p>Per a la participaci\u00f3 en els Blogs, l&#8217;usuari haur\u00e0 d&#8217;identificar-se, comprometent-se al fet que qualsevol informaci\u00f3 o opini\u00f3 que introdueixi sigui conforme a la Llei, la moral i l&#8217;ordre p\u00fablic, abstenint-se de realitzar comentaris que siguin contraris a les normes d&#8217;etiqueta d&#8217;Internet.<\/p>\n<p>La Fundaci\u00f3n Entreculturas, Fundaci\u00f3n Alboan, Fundaci\u00f3n Radio ECCA, Servicio Jesuita a Migrantes (SJM), a trav\u00e9s dels seus administradors, es reserven el dret d&#8217;editar o eliminar qualsevol missatge, o d&#8217;impedir l&#8217;acc\u00e9s als Blogs a l&#8217;usuari que incompleixi les normes d&#8217;utilitzaci\u00f3 d&#8217;aquestes eines sense necessitat de previ av\u00eds. Aquesta no publicaci\u00f3 no podr\u00e0 ser considerada en cap moment ni per cap motiu una limitaci\u00f3 del dret fonamental a la llibertat d&#8217;expressi\u00f3 de l&#8217;usuari.<\/p>\n<p>A t\u00edtol enunciatiu, i en cap cas limitatiu o excloent, l&#8217;usuari dels Blogs de Conectadas.eu, es compromet expressament a:<\/p>\n<p>No introduir o difondre continguts o propaganda de car\u00e0cter racista, xen\u00f2fob, pornogr\u00e0fic, d&#8217;apologia del terrorisme o que atemptin contra els drets i les llibertats fonamentals dels individus; i, en general, contravinguin els principis de legalitat, responsabilitat, protecci\u00f3 de la dignitat humana i protecci\u00f3 de menors.<\/p>\n<p>No introduir ni utilitzar els Blogs per a fer greuges, insults, provocacions, desqualificacions personals o introduir continguts amb un llenguatge impropi o inadequat, siguin dirigits dits continguts a un participant o no. Aix\u00ed mateix, tampoc podran realitzar-se den\u00fancies ni acusacions de cap mena.<\/p>\n<p>No introduir o difondre publicitat ni ofertes comercials i\/o promocionals de terceres empreses alienes a Fundaci\u00f3n Entreculturas, Fundaci\u00f3n Alboan, Fundaci\u00f3n Radio ECCA, Servicio Jesuita a Migrantes (SJM). Igualment, els usuaris dels Blogs no estan autoritzats a introduir cadenes de missatges, felicitacions o missatges que no tinguin cap tipus de relaci\u00f3 amb el contingut del Blog\/Not\u00edcia.<\/p>\n<p>No introduir o difondre virus o programari nociu susceptible de provocar danys en els sistemes inform\u00e0tics.<\/p>\n<p>No introduir continguts protegits (entre altres, imatges, sons, fotografies, v\u00eddeos, textos, documents) pels drets d&#8217;autor i de la propietat industrial (entre altres; marques, noms comercials, distintius gr\u00e0fics) sense comptar amb l&#8217;autoritzaci\u00f3 expressa dels seus respectius propietaris o titulars dels drets.<\/p>\n<p>L&#8217;usuari reconeix i accepta que qualsevol comentari i\/o opini\u00f3 que manifesti i sigui publicat, ser\u00e0 de la seva responsabilitat exclusiva a tots els efectes. En aquest sentit, l&#8217;usuari ser\u00e0 directament responsable dels danys i perjudicis causats a tercers derivats de la utilitzaci\u00f3 del Blog, aix\u00ed com dels danys i perjudicis causats per la manca de legalitat, veracitat, exactitud, moralitat i de tota la informaci\u00f3 i opinions que proporcioni o que faci accessible a altres usuaris i\/o visitants de Conectadas.eu<\/p>\n<p><strong>9.- PROPIETAT INTEL\u00b7LECTUAL I INDUSTRIAL.<\/strong><\/p>\n<p>El lloc web Conectadas.eu, les p\u00e0gines que compr\u00e8n i la informaci\u00f3 o elements en elles continguts (incloent textos, documents, fotografies, dibuixos, representacions gr\u00e0fiques, entre altres), aix\u00ed com logotips, marques o altres signes distintius, es troben protegits per drets de propietat intel\u00b7lectual o industrial, dels quals la Fundaci\u00f3n Entreculturas, Fundaci\u00f3n Alboan, Fundaci\u00f3n Radio ECCA, Servicio Jesuita a Migrantes (SJM) s\u00f3n titulars o ostenten autoritzaci\u00f3 per a la seva explotaci\u00f3 per part dels leg\u00edtims titulars.<\/p>\n<p>L&#8217;usuari s&#8217;obliga a utilitzar els continguts de manera diligent i correcta, d&#8217;acord amb la llei, la moral i l&#8217;ordre p\u00fablic.<\/p>\n<p>La Fundaci\u00f3n Entreculturas, Fundaci\u00f3n Alboan, Fundaci\u00f3n Radio ECCA, Servicio Jesuita a Migrantes (SJM) autoritzen a l&#8217;usuari a visualitzar la informaci\u00f3 continguda en aquest lloc web, aix\u00ed com a efectuar reproduccions privades (simple activitat de desc\u00e0rrega i emmagatzematge en els seus sistemes inform\u00e0tics), sempre que els elements siguin destinats \u00fanicament a l&#8217;\u00fas personal o per a finalitats pr\u00e8viament autoritzades per la Fundaci\u00f3n Entreculturas, Fundaci\u00f3n Alboan, Fundaci\u00f3n Radio ECCA, Servicio Jesuita a Migrantes (SJM).<\/p>\n<p>L&#8217;usuari no est\u00e0 autoritzat per a procedir a la distribuci\u00f3, modificaci\u00f3, cessi\u00f3 o comunicaci\u00f3 p\u00fablica de la informaci\u00f3 continguda en aquesta Web en qualsevol forma i qualsevol que sigui la seva finalitat.<\/p>\n<p><strong>10.- ENLLA\u00c7OS.<\/strong><\/p>\n<p>Les connexions i enlla\u00e7os a llocs o p\u00e0gines Web de tercers s&#8217;han establert \u00fanicament com una utilitat per a l&#8217;usuari. La Fundaci\u00f3n Entreculturas, Fundaci\u00f3n Alboan, Fundaci\u00f3n Radio ECCA, Servicio Jesuita a Migrantes (SJM) no s\u00f3n, en cap cas, responsables de les mateixes o del seu contingut.<\/p>\n<p>La Fundaci\u00f3n Entreculturas, Fundaci\u00f3n Alboan, Fundaci\u00f3n Radio ECCA, Servicio Jesuita a Migrantes (SJM) \u00a0no assumeixen cap responsabilitat derivada de l&#8217;exist\u00e8ncia d&#8217;enlla\u00e7os entre els continguts d&#8217;aquest lloc i continguts situats fora del mateix o qualsevol altre esment de continguts externs a aquest lloc. Tals enlla\u00e7os o esments tenen una finalitat exclusivament informativa i, en cap cas, impliquen el suport, aprovaci\u00f3 o relaci\u00f3 alguna entre la Fundaci\u00f3n Entreculturas, Fundaci\u00f3n Alboan, Fundaci\u00f3n Radio ECCA, Servicio Jesuita a Migrantes (SJM) i les persones o entitats autores i\/o gestores de tals continguts o titulars dels llocs on es trobin.<\/p>\n<p>Per tal de realitzar enlla\u00e7os amb la p\u00e0gina Web Conectadas.eu ser\u00e0 necess\u00e0ria l&#8217;autoritzaci\u00f3 expressa i per escrit de la Fundaci\u00f3n Entreculturas, Fundaci\u00f3n Alboan, Fundaci\u00f3n Radio ECCA, Servicio Jesuita a Migrantes (SJM).<\/p>\n<p><strong>11.- RESPONSABILITAT.<\/strong><\/p>\n<p>La Fundaci\u00f3n Entreculturas, Fundaci\u00f3n Alboan, Fundaci\u00f3n Radio ECCA, Servicio Jesuita a Migrantes (SJM) no garanteixen l&#8217;acc\u00e9s continuat, ni la correcta visualitzaci\u00f3, desc\u00e0rrega o utilitat dels elements i informaci\u00f3 continguts en les p\u00e0gines del portal Conectadas.eu que poden veure&#8217;s impedits, dificultats o interromputs per factors o circumst\u00e0ncies fora del seu control o alienes a la seva voluntat, ni d&#8217;aquells que siguin produ\u00efts per l&#8217;exist\u00e8ncia de virus inform\u00e0tics en Internet.<\/p>\n<p>La Fundaci\u00f3n Entreculturas, Fundaci\u00f3n Alboan, Fundaci\u00f3n Radio ECCA, Servicio Jesuita a Migrantes (SJM) no assumeixen cap responsabilitat per danys, perjudicis, p\u00e8rdues, reclamacions o despeses, produ\u00efdes per:<\/p>\n<p>Interfer\u00e8ncies, interrupcions, fallades, omissions, retards, bloquejos o desconnexions, motivades per errors en les l\u00ednies i xarxes de telecomunicacions o per qualsevol altra causa aliena al control de la Fundaci\u00f3n Entreculturas, Fundaci\u00f3n Alboan, Fundaci\u00f3n Radio ECCA, Servicio Jesuita a Migrantes (SJM).<\/p>\n<p>Intromissions il\u00b7leg\u00edtimes mitjan\u00e7ant l&#8217;\u00fas de programes malignes de qualsevol tipus i a trav\u00e9s de qualsevol mitj\u00e0 de comunicaci\u00f3, com ara virus inform\u00e0tics o qualsevol altres;<\/p>\n<p>\u00das indegut o inadequat de la p\u00e0gina web Conectadas.eu<\/p>\n<p>Errors de seguretat o navegaci\u00f3 produ\u00efts per un mal funcionament del navegador o per l&#8217;\u00fas de versions no actualitzades.<\/p>\n<p><strong>12.- JURISDICCI\u00d3.<\/strong><\/p>\n<p>En cas de controv\u00e8rsia o conflicte que pugui derivar-se de la interpretaci\u00f3 o compliment del present Av\u00eds Legal, aquestes seran resoltes davant dels Tribunals i Jutjats de Madrid, Espanya.<\/p>\n<p>Si alguna cl\u00e0usula o apartat de les presents Condicions generals, que no sigui de naturalesa essencial per a la seva exist\u00e8ncia, \u00e9s declarada nul\u00b7la o inaplicable, la validesa de les cl\u00e0usules restants no es veur\u00e0 afectada.<\/p>\n","protected":false},"excerpt":{"rendered":"<p>L&#8217;acc\u00e9s a i la navegaci\u00f3 per aquest lloc web impliquen l&#8217;acceptaci\u00f3 expressa i \u00edntegra de totes i cadascuna de les presents condicions generals, incloses la Pol\u00edtica de privacitat i de Cookies, relatives a les finalitats dels tractaments de les dades que se&#8217;ns facilitin. Li recomanem que les llegeixi atentament. Excepte indicaci\u00f3 expressa en contra, l&#8217;acc\u00e9s [&hellip;]<\/p>\n","protected":false},"author":1,"featured_media":0,"parent":0,"menu_order":0,"comment_status":"closed","ping_status":"closed","template":"","meta":{"_acf_changed":false,"inline_featured_image":false,"_themeisle_gutenberg_block_has_review":false,"footnotes":""},"class_list":["post-204","page","type-page","status-publish","hentry"],"acf":[],"_links":{"self":[{"href":"https:\/\/conectadas.eu\/ca\/wp-json\/wp\/v2\/pages\/204","targetHints":{"allow":["GET"]}}],"collection":[{"href":"https:\/\/conectadas.eu\/ca\/wp-json\/wp\/v2\/pages"}],"about":[{"href":"https:\/\/conectadas.eu\/ca\/wp-json\/wp\/v2\/types\/page"}],"author":[{"embeddable":true,"href":"https:\/\/conectadas.eu\/ca\/wp-json\/wp\/v2\/users\/1"}],"replies":[{"embeddable":true,"href":"https:\/\/conectadas.eu\/ca\/wp-json\/wp\/v2\/comments?post=204"}],"version-history":[{"count":2,"href":"https:\/\/conectadas.eu\/ca\/wp-json\/wp\/v2\/pages\/204\/revisions"}],"predecessor-version":[{"id":207,"href":"https:\/\/conectadas.eu\/ca\/wp-json\/wp\/v2\/pages\/204\/revisions\/207"}],"wp:attachment":[{"href":"https:\/\/conectadas.eu\/ca\/wp-json\/wp\/v2\/media?parent=204"}],"curies":[{"name":"wp","href":"https:\/\/api.w.org\/{rel}","templated":true}]}}