{"id":200,"date":"2023-11-21T18:04:33","date_gmt":"2023-11-21T17:04:33","guid":{"rendered":"https:\/\/conectadas.eu\/lege-oharra\/"},"modified":"2023-11-27T15:57:30","modified_gmt":"2023-11-27T14:57:30","slug":"lege-oharra","status":"publish","type":"page","link":"https:\/\/conectadas.eu\/eu\/lege-oharra\/","title":{"rendered":"Lege oharra"},"content":{"rendered":"<p>Webgune honetan sartuta eta nabigatuta, berariaz eta osorik onartzen dituzu baldintza orokor hauek guztiak (pribatutasuneko eta cookieen politika barne), ematen dizkiguzun datuen tratamenduen helburuei buruzkoak. Mesedez, irakur ezazu arretaz. Besterik adierazi ezean, guztiz doakoa da atariko orrietan jasotako informazioa eskuratzea.<\/p>\n<p>Zehaztapen eta baldintzen dokumentu honetan, gai hauei buruzko informazioa aurkituko duzu:<\/p>\n<ul>\n<li>Legezko identifikazioa.<\/li>\n<li>Erabilera-baldintza orokorrak.<\/li>\n<li>Erabiltzaileen betebehar orokorrak.<\/li>\n<li>Itzultzeei, ezeztatzeei, gutxieneko adinari eta entrega-epeei buruzko politika.<\/li>\n<li>Bezeroen datuen erabilera barnean hartzen duen pribatutasun-adierazpena.<\/li>\n<li>Pribatutasun-politika honi ematen diozun baimena.<\/li>\n<li>Kreditu-txartelen bidezko ordainketa.<\/li>\n<li>Erabiltzaileak zenbait atal eta tresnatan parte hartzeko baldintzak: blogak eta iruzkinak.<\/li>\n<li>Jabetza intelektuala eta industriala.<\/li>\n<li>Estekak.<\/li>\n<li>Erantzukizuna.<\/li>\n<li>Jurisdikzioa.<\/li>\n<\/ul>\n<p><strong>1.- LEGEZKO IDENTIFIKAZIOA<\/strong><\/p>\n<p>Uztailaren 11ko 34\/2002 Legea betez (Informazioaren Gizartearen eta Merkataritza Elektronikoaren Zerbitzuei buruzko Legea), hauek dira Conectadas.eu webgunearen titularraren identifikazio-datuak:<\/p>\n<p>ENTRECULTURAS FE Y ALEGR\u00cdA FUNDAZIOA<\/p>\n<p>Calle Maldonado, 1, A, planta 3<br \/>\n28006 Madrid (Espa\u00f1a)<br \/>\nIFK: G-82409020<br \/>\nDatuak aldatzeko kontaktua: datos@entreculturas.org<br \/>\nDPO kontaktua:\u00a0rgpd@entreculturas.org<\/p>\n<p>ALBOAN FUNDAZIOA<\/p>\n<p>Aita Lojendio kalea, 2. 2.a<br \/>\n48008 \u2013 Bilbo (Espainia)<br \/>\nIFK: G-48811376<br \/>\nDatuak aldatzeko kontaktua: info@alboan.org<\/p>\n<p>FUNDACI\u00d3N RADIO ECCA<\/p>\n<p>Av. Escaleritas, N\u00ba64-1, C.P. 35011, Las Palmas de Gran Canaria (Las Palmas)<br \/>\nTel: 928 289 168<br \/>\nDPO kontaktua:: direccion@radioecca.org<\/p>\n<p>SERVICIO JESUITA A MIGRANTES &#8211; SJM ESPA\u00d1A<\/p>\n<p>Av. Moncloa, 6, 28003, Madrid y CIF G-85662849<br \/>\nDPO kontaktua:\u00a0 info@sjme.org<\/p>\n<p>Fundaci\u00f3n Entreculturas, Fundaci\u00f3n Alboan, Fundaci\u00f3n Radio ECCA, Servicio Jesuita a Migrantes (SJM) \u00a0zilegi dute pribatutasunari eta datu pertsonalen tratamenduari buruzko politika egokitzea edo aldatzea. Webgunean zehar nabigatzen duzun bakoitzean bisita dadila gomendatzen dugu; hala, edozein datu eman aurretik beti egongo zara informatuta.<\/p>\n<p><strong>2.- ERABILERA-BALDINTZA OROKORRAK<\/strong><\/p>\n<p>Zehaztapen eta baldintza orokor hauek arautzen dute Conectadas.eu\u00a0 web-atariaren erabilera eta sarbidea. Atariaren helburua erabiltzaileei web bidez informazioa, zerbitzuak eta edukiak eskainiko dizkien sarrera-ate bat izatea da.<\/p>\n<p>Webgune honetara sarbidea duen erabiltzaile orok onartu beharko ditu baldintza orokor hauek eta, hain zuzen, onarpentzat hartuko da webgunearen erabilera bera.<\/p>\n<p>Era berean, onartu egin beharko dira esteka bitartez lotutako orriak, hirugarren batzuen titulartasunekoak izan eta beste baldintza orokor batzuk dituztenak.<\/p>\n<p>Erabiltzaileak Conectadas.eu &#8211; en eskura dauden edukiak, zerbitzuak, albisteak eta blogak egoki erabiltzeko konpromisoa hartzen du; Legea eta gainerako erabilera-baldintza orokorrak bete, eta une oro errespetatuko ditu gainerako erabiltzaileak.<\/p>\n<p>Baldintza orokor hauek guztiz edo hein batean urratzen badira, Fundaci\u00f3n Entreculturas, Fundaci\u00f3n Alboan, Fundaci\u00f3n Radio ECCA, Servicio Jesuita a Migrantes (SJM)\u00a0 eskubidea izango dute Conectadas.eu -era sarbidea ukatzeko, erabiltzaileari aurrez jakinarazi beharrik gabe.<\/p>\n<p>Fundaci\u00f3n Entreculturas, Fundaci\u00f3n Alboan, Fundaci\u00f3n Radio ECCA, Servicio Jesuita a Migrantes (SJM) eskura dituzten neurri guztiak ezarriko dituzte Espainiako legeen kontrako jokabide guztiak galarazteko, eta agintari eskudunekin lankidetzan arituko dira webgune honi aplikatzen zaizkion legeak urratzen dituzten ekintzen arduradunak identifikatzeko.<\/p>\n<p><strong>3.- ERABILTZAILEEN BETEBEHAR OROKORRAK<\/strong><\/p>\n<p>Erabiltzaileak, erabilera-baldintza orokor hauek onartuta, espresuki hartzen ditu betebehar hauek:<\/p>\n<p>Ez du egingo ekintzarik, web-orriko funtzionaltasunak, tresnak, edukiak eta\/edo azpiegitura behin-behinean zein behin betiko kalteturik utzi, blokeatu, hondatu, baliogabetu edo gainkargatu dezakeenik, normal erabili ezin izateko moduan.<\/p>\n<p>Ez ditu sartuko edo sortuko eduki iraingarri edo kalumniazkoak, ez beste erabiltzaileei buruz, ez eta Fundaci\u00f3n Entreculturas, Fundaci\u00f3n Alboan, Fundaci\u00f3n Radio ECCA, Servicio Jesuita a Migrantes (SJM)\u00a0 kanpoko hirugarren batzuei buruz ere.<\/p>\n<p>Ez ditu erabiliko webgune honetan dauden materialak edo informazioak legez kanpo, erabilera-baldintza orokor hauetan espresuki debekatutako moduetan, eta Fundaci\u00f3n Entreculturas, Fundaci\u00f3n Alboan, Fundaci\u00f3n Radio ECCA, Servicio Jesuita a Migrantes (SJM) , haien erabiltzaileen zein hirugarren batzuen eskubideen eta interesen aurka.<\/p>\n<p>Erabiltzailea izango da Fundaci\u00f3n Entreculturas, Fundaci\u00f3n Alboan, Fundaci\u00f3n Radio ECCA, Servicio Jesuita a Migrantes (SJM)\u00a0 edo edozein hirugarreni eragindako kalte-galera ororen erantzulea, \u201cLegezko abisu\u201d honen eta legeriaren arabera Conectadas.eu\u00a0 orrian sartzeko eta\/edo berau erabiltzeko bete behar duen edozein betebehar urratzearen ondoriozkoak direnean.<\/p>\n<p><strong>8.- ERABILTZAILEAK CONECTADAS.EU ATARIKO ZENBAIT ATAL ETA TRESNATAN PARTE HARTZEKO BALDINTZAK (BLOGAK ETA IRUZKINAK)<\/strong><\/p>\n<p>Erabiltzaileak modu aktiboan parte har dezake Fundaci\u00f3n Entreculturas, Fundaci\u00f3n Alboan, Fundaci\u00f3n Radio ECCA, Servicio Jesuita a Migrantes (SJM) Conectadas.eu webgunean jarritako atal eta tresna jakin batzuetan, hala nola blogetan eta albistetan iruzkinak utziz.<\/p>\n<p>Blogetan parte hartzeko, erabiltzaileak bere burua identifikatu beharko du, eta konpromisoa hartuko du sartzen duen edozein informazio edo iritzi legearen, moralaren eta ordena publikoaren araberakoa izan dadin, eta ez du Interneteko etiketa-arauen aurkako iruzkinik egingo.<\/p>\n<p>Fundaci\u00f3n Entreculturas, Fundaci\u00f3n Alboan, Fundaci\u00f3n Radio ECCA, Servicio Jesuita a Migrantes (SJM) , beren administratzaileen bitartez, eskubidea izango dute edozein mezu editatzeko edo ezabatzeko, edo tresna horiek erabiltzeko arauak betetzen ez dituzten erabiltzaileari blogetara sartzea galarazteko, aldez aurretik abisatu beharrik gabe. Ez argitaratzea ez da hartuko, ezein arrazoirengatik, erabiltzailearen adierazpen-askatasunaren oinarrizko eskubideari jarritako mugatzat. Conectadas.eu -eko blogen erabiltzaileak konpromiso hauek hartzen ditu berariaz (adibide gisa ematen dira soilik, ez beste konpromiso batzuk mugatzeko edo baztertzeko asmoz):<\/p>\n<p>Ez du sartuko edo zabalduko eduki edo propaganda arrazista, xenofobo edo pornografikorik, terrorismoaren apologia egiten duenik edo gizabanakoen oinarrizko eskubide eta askatasunen aurkakorik; ezta, oro har, legezkotasunaren, erantzukizunaren, giza duintasunaren babesaren eta adingabeen babesaren printzipioen aurka egiten duenik ere.<\/p>\n<p>Ez ditu sartuko edo blogak erabiliko bidegabekeriak, irainak, probokazioak edo deskalifikazio pertsonalak egiteko, eta ez ditu edukiak hizkuntza desegoki edo desitxurosoan sartuko, eduki horiek parte-hartzaile baten aurkakoak izan ala ez. Era berean, ezingo da egin inolako salaketa edo akusaziorik.<\/p>\n<p>Ez ditu sartuko edo zabalduko Fundaci\u00f3n Entreculturas, Fundaci\u00f3n Alboan, Fundaci\u00f3n Radio ECCA, Servicio Jesuita a Migrantes (SJM)\u00a0 kanpoko beste enpresa batzuen publizitaterik edo eskaintza komertzialik eta\/edo promozionalik. Halaber, blogen erabiltzaileek ez dute baimenik mezu-kateak, zorion-mezuak edo blogaren edo albistearen edukiarekin zerikusirik ez duten mezuak sartzeko.<\/p>\n<p>Ez du sartuko edo zabalduko sistema informatikoetan kalterik eragin dezakeen birusik edo software kaltegarririk.<\/p>\n<p>Ez ditu sartuko egile-eskubideen eta jabetza industrialaren (besteak beste, markak, izen komertzialak, bereizgarri grafikoak) babesa duten edukiak (besteak beste, irudiak, soinuak, argazkiak, bideoak, testuak, dokumentuak), eskubide horien jabeen edo titularren berariazko baimenik izan gabe.<\/p>\n<p>Erabiltzaileak aitortzen eta onartzen du bere erantzukizun esklusibokoa izango dela, ondorio guztietarako, adierazten eta argitaratzen duen edozein iruzkin nahiz iritzi. Ildo horretan, erabiltzaileak zuzeneko erantzukizuna izango du bloga erabiltzearen ondorioz hirugarrenei eragindako kalte-galeren gainean; legezkotasun, egiazkotasun, zehaztasun edo moraltasunik ezaren ondoriozko kalte-galeren gainean; eta Conectadas.eu -eko beste erabiltzaile eta\/edo bisitariei emandako edo adierazitako informazio eta iritzien gainean.<\/p>\n<p><strong>9.- JABETZA INTELEKTUALA ETA INDUSTRIALA<\/strong><\/p>\n<p>Conectadas,eu webgunea, bertan dauden orriak eta informazioa edo elementuak (testuak, dokumentuak, argazkiak, marrazkiak, irudikapen grafikoak, besteak beste), bai eta logotipoak, markak edo bestelako zeinu bereizgarriak ere, jabetza intelektualaren edo industrialaren eskubideen babespean daude guztiak. Entreculturas Fe y Alegr\u00eda Fundazioa edo Alboan Fundazioa dira horien titularrak, edo titular legitimoen ustiapen-baimena dute.<\/p>\n<p>Erabiltzailea behartuta dago edukiak arretaz eta zuzen erabiltzera, legearen, moralaren eta ordena publikoaren arabera.<\/p>\n<p>Fundaci\u00f3n Entreculturas, Fundaci\u00f3n Alboan, Fundaci\u00f3n Radio ECCA, Servicio Jesuita a Migrantes (SJM) baimena ematen diote erabiltzaileari webgune honetan dagoen informazioa ikusteko, bai eta erreprodukzio pribatuak egiteko ere (deskargatu eta sistema informatikoetan gordetzea soilik), baldin eta elementuak erabilera pertsonalerako baino ez badira, edo Fundaci\u00f3n Entreculturas, Fundaci\u00f3n Alboan, Fundaci\u00f3n Radio ECCA, Servicio Jesuita a Migrantes (SJM)\u00a0 aurrez baimendutako helburuetarako baino ez.<\/p>\n<p>Erabiltzaileak ez du baimenik web honetan dagoen informazioa banatzeko, aldatzeko, lagatzeko edo jakinarazteko, ezein modutan eta edozein helburu duela ere.<\/p>\n<p><strong>10.- ESTEKAK<\/strong><\/p>\n<p>Hirugarrenen web-orri edo webguneetarako konexioak eta estekak erabiltzailearentzako funtzionaltasun gisa ezarri dira soilik. Fundaci\u00f3n Entreculturas, Fundaci\u00f3n Alboan, Fundaci\u00f3n Radio ECCA, Servicio Jesuita a Migrantes (SJM) ez dute inola ere hartuko erantzukizunik web-orri horien edo dauzkaten edukien gainean.<\/p>\n<p>Fundaci\u00f3n Entreculturas, Fundaci\u00f3n Alboan, Fundaci\u00f3n Radio ECCA, Servicio Jesuita a Migrantes (SJM) ez dute hartuko erantzukizunik webgune honetako edukietan dauden esteken gainean, webgunetik kanpoko edukien gainean, eta gune honetatik kanpoko edukiei egindako edozein aipamenen gainean. Esteka edo aipamen horien helburua informazioa ematea baino ez da, eta ez dute inola ere esan nahi Fundaci\u00f3n Entreculturas, Fundaci\u00f3n Alboan, Fundaci\u00f3n Radio ECCA, Servicio Jesuita a Migrantes (SJM) babesten edo onartzen dituztenik, edo loturarik dutenik eduki horien egile, kudeatzaile edo eduki horiek dituzten tokien jabe diren pertsona edo erakundeekin.<\/p>\n<p>Conectadas.eu web-orrira estekatzeko, beharrezkoa izango da Fundaci\u00f3n Entreculturas, Fundaci\u00f3n Alboan, Fundaci\u00f3n Radio ECCA, Servicio Jesuita a Migrantes (SJM)\u00a0 berariazko eta idatzizko baimena.<\/p>\n<p><strong>11.- ERANTZUKIZUNA<\/strong><\/p>\n<p>Fundaci\u00f3n Entreculturas, Fundaci\u00f3n Alboan, Fundaci\u00f3n Radio ECCA, Servicio Jesuita a Migrantes (SJM) ez dute bermatzen Conectadas.eu\u00a0 atariko orrietan dauden elementuak eta informazioa modu jarraituan erabilgarri egongo direnik, edo behar bezala bistaratu, deskargatu edo erabili ahal izango direnik, beren kontroletik kanpo dauden faktore edo inguruabarrek edo Interneteko birus informatikoek eragotzi, zaildu edo eten baditzakete.<\/p>\n<p>Fundaci\u00f3n Entreculturas, Fundaci\u00f3n Alboan, Fundaci\u00f3n Radio ECCA, Servicio Jesuita a Migrantes (SJM)\u00a0 ez dute inolako erantzukizunik hartuko kalte-galera, erreklamazio edo gasturik sortzen bada hauen ondorioz:<\/p>\n<p>Interferentziak, etenak, hutsegiteak, omisioak, atzerapenak, blokeoak edo deskonexioak badaude telekomunikazioetako linea eta sareetan akatsak egon direlako, edo Fundaci\u00f3n Entreculturas, Fundaci\u00f3n Alboan, Fundaci\u00f3n Radio ECCA, Servicio Jesuita a Migrantes (SJM)\u00a0 kanpoko beste edozein arrazoirengatik.<\/p>\n<p>Inor bidegabeki sartu bada, edozein motatako programa gaiztoak erabiliz eta edozein komunikazio-bitartekoren bidez; esaterako, birus informatikoak edo beste edozein.<\/p>\n<p>Conectadas.eu\u00a0 web-orria oker edo desegoki erabili bada.<\/p>\n<p>Segurtasun- edo nabigazio-akatsik bada, nabigatzaileak gaizki funtzionatzen duelako edo eguneratu gabeko bertsioak erabiltzen direlako.<\/p>\n<p><strong>12.- JURISDIKZIOA<\/strong><\/p>\n<p>Legezko abisu hau interpretatzean edo betetzean eztabaidarik edo gatazkarik sortzen bada, Madrilgo (Espainia) auzitegi eta epaitegietan ebatziko dira.<\/p>\n<p>Adierazten bada baldintza orokor hauetako klausularen edo apartaturen bat, funtsezkoa ez dena, deuseza edo aplikaezina dela, horrek ez du eraginik izango gainerako klausulen baliozkotasunean.<\/p>\n","protected":false},"excerpt":{"rendered":"<p>Webgune honetan sartuta eta nabigatuta, berariaz eta osorik onartzen dituzu baldintza orokor hauek guztiak (pribatutasuneko eta cookieen politika barne), ematen dizkiguzun datuen tratamenduen helburuei buruzkoak. Mesedez, irakur ezazu arretaz. Besterik adierazi ezean, guztiz doakoa da atariko orrietan jasotako informazioa eskuratzea. Zehaztapen eta baldintzen dokumentu honetan, gai hauei buruzko informazioa aurkituko duzu: Legezko identifikazioa. Erabilera-baldintza orokorrak. [&hellip;]<\/p>\n","protected":false},"author":1,"featured_media":0,"parent":0,"menu_order":0,"comment_status":"closed","ping_status":"closed","template":"","meta":{"_acf_changed":false,"inline_featured_image":false,"_themeisle_gutenberg_block_has_review":false,"footnotes":""},"class_list":["post-200","page","type-page","status-publish","hentry"],"acf":[],"_links":{"self":[{"href":"https:\/\/conectadas.eu\/eu\/wp-json\/wp\/v2\/pages\/200","targetHints":{"allow":["GET"]}}],"collection":[{"href":"https:\/\/conectadas.eu\/eu\/wp-json\/wp\/v2\/pages"}],"about":[{"href":"https:\/\/conectadas.eu\/eu\/wp-json\/wp\/v2\/types\/page"}],"author":[{"embeddable":true,"href":"https:\/\/conectadas.eu\/eu\/wp-json\/wp\/v2\/users\/1"}],"replies":[{"embeddable":true,"href":"https:\/\/conectadas.eu\/eu\/wp-json\/wp\/v2\/comments?post=200"}],"version-history":[{"count":2,"href":"https:\/\/conectadas.eu\/eu\/wp-json\/wp\/v2\/pages\/200\/revisions"}],"predecessor-version":[{"id":203,"href":"https:\/\/conectadas.eu\/eu\/wp-json\/wp\/v2\/pages\/200\/revisions\/203"}],"wp:attachment":[{"href":"https:\/\/conectadas.eu\/eu\/wp-json\/wp\/v2\/media?parent=200"}],"curies":[{"name":"wp","href":"https:\/\/api.w.org\/{rel}","templated":true}]}}